{"id":262,"date":"2016-09-06T13:55:22","date_gmt":"2016-09-06T13:55:22","guid":{"rendered":"https:\/\/cavalldellevant.com\/wp\/home\/"},"modified":"2020-03-09T13:17:39","modified_gmt":"2020-03-09T13:17:39","slug":"home","status":"publish","type":"page","link":"https:\/\/cavalldellevant.com\/de\/","title":{"rendered":"Home"},"content":{"rendered":"<section class=\"wpb-content-wrapper\"><p>[vc_row css_animation=&#8220;&#8220; row_type=&#8220;row&#8220; use_row_as_full_screen_section=&#8220;no&#8220; type=&#8220;grid&#8220; angled_section=&#8220;no&#8220; text_align=&#8220;left&#8220; background_image_as_pattern=&#8220;without_pattern&#8220; anchor=&#8220;home&#8220; css=&#8220;.vc_custom_1583250763914{padding-top: 158px !important;padding-bottom: 192px !important;background-image: url(https:\/\/cavalldellevant.com\/wp\/wp-content\/uploads\/2020\/03\/escalo-2.jpg?id=136) !important;}&#8220; z_index=&#8220;&#8220;][vc_column offset=&#8220;vc_col-lg-12 vc_col-md-12&#8243;][vc_empty_space height=&#8220;15px&#8220;][vc_column_text]<\/p>\n<h1><span style=\"color: #fff;\">Cavall de Llevant<br \/>\nAppartments<\/span><\/h1>\n<p>[\/vc_column_text][vc_empty_space height=&#8220;23px&#8220;][vc_column_text]<\/p>\n<h5><span style=\"color: #fff;\">Es Cal\u00f3. Formentera<\/span><\/h5>\n<p>[\/vc_column_text][vc_empty_space height=&#8220;70px&#8220;][\/vc_column][\/vc_row][vc_row css_animation=&#8220;&#8220; row_type=&#8220;row&#8220; use_row_as_full_screen_section=&#8220;no&#8220; type=&#8220;grid&#8220; angled_section=&#8220;no&#8220; text_align=&#8220;left&#8220; background_image_as_pattern=&#8220;without_pattern&#8220;][vc_column css=&#8220;.vc_custom_1481616437392{margin-top: -94px !important;padding-top: 94px !important;padding-bottom: 0px !important;background-color: #ffffff !important;}&#8220;][\/vc_column][\/vc_row][vc_row css_animation=&#8220;&#8220; row_type=&#8220;row&#8220; use_row_as_full_screen_section=&#8220;no&#8220; type=&#8220;grid&#8220; angled_section=&#8220;no&#8220; text_align=&#8220;center&#8220; background_image_as_pattern=&#8220;without_pattern&#8220; z_index=&#8220;&#8220; el_class=&#8220;backg-branco&#8220; css=&#8220;.vc_custom_1583415728253{margin-top: -40px !important;}&#8220;][vc_column css=&#8220;.vc_custom_1583415982620{margin-top: -30px !important;margin-bottom: 30px !important;border-top-width: 0px !important;border-right-width: 1px !important;border-bottom-width: 0px !important;padding-top: 0px !important;padding-right: 48px !important;padding-bottom: 0px !important;padding-left: 48px !important;background-color: #ffffff !important;border-right-color: #eae9e9 !important;border-right-style: solid !important;border-top-color: #eae9e9 !important;border-top-style: solid !important;border-bottom-color: #eae9e9 !important;border-bottom-style: solid !important;}&#8220; offset=&#8220;vc_col-lg-4 vc_col-md-4&#8243; el_class=&#8220;alto30em&#8220;][qode_elements_holder number_of_columns=&#8220;one_column&#8220;][qode_elements_holder_item vertical_alignment=&#8220;top&#8220; advanced_animations=&#8220;no&#8220; item_padding=&#8220;0 0 0 0&#8243; item_padding_600_768=&#8220;0 0 96px 0&#8243; item_padding_480_600=&#8220;0 0 96px 0&#8243; item_padding_480=&#8220;0 0 96px 0&#8243;][vc_single_image image=&#8220;138&#8243; img_size=&#8220;full&#8220; alignment=&#8220;center&#8220; qode_css_animation=&#8220;&#8220;][vc_empty_space height=&#8220;29px&#8220;][vc_column_text]<\/p>\n<h4>Herzlich Willkommen<\/h4>\n<p>[\/vc_column_text][vc_empty_space height=&#8220;22px&#8220;][vc_column_text]Die <strong>Cavall de Llevant Appartments<\/strong> in Es Calo werden, in der N\u00e4he eines alten Fischerhafen und nahe am Strand sind ,zus\u00e4tzlich zu der ausgezeichneten Lage, voll ausgestattete Appartments. Wir sind davon \u00fcberzeugt, da\u00df Sie den Aufenthalt in unseren Wohnungen genie\u00dfen.[\/vc_column_text][vc_empty_space height=&#8220;40px&#8220;][\/qode_elements_holder_item][\/qode_elements_holder][\/vc_column][vc_column css=&#8220;.vc_custom_1583415990855{margin-top: -30px !important;margin-bottom: 30px !important;border-right-width: 1px !important;border-bottom-width: 0px !important;border-left-width: 0px !important;padding-top: 0px !important;padding-right: 48px !important;padding-bottom: 0px !important;padding-left: 48px !important;background-color: #ffffff !important;border-left-color: #eae9e9 !important;border-left-style: solid !important;border-right-color: #eae9e9 !important;border-right-style: solid !important;border-bottom-color: #eae9e9 !important;border-bottom-style: solid !important;}&#8220; offset=&#8220;vc_col-lg-4 vc_col-md-4&#8243; el_class=&#8220;alto30em&#8220;][qode_elements_holder number_of_columns=&#8220;one_column&#8220;][qode_elements_holder_item vertical_alignment=&#8220;top&#8220; advanced_animations=&#8220;no&#8220; item_padding=&#8220;0 0 0 0&#8243;][vc_single_image image=&#8220;141&#8243; img_size=&#8220;full&#8220; alignment=&#8220;center&#8220; qode_css_animation=&#8220;&#8220;][vc_empty_space height=&#8220;29px&#8220;][vc_column_text]<\/p>\n<h4>Unsere Appartments<\/h4>\n<p>[\/vc_column_text][vc_empty_space height=&#8220;22px&#8220;][vc_column_text]Die <strong>Appartments Cavall de Llevant<\/strong>, ein Komplex mit h\u00f6chster Qualit\u00e4t. Alle Studios sind mit Klimaanlage, komplettem Bad, Waschmaschine, Sat-TV mit Musikkan\u00e4len, Kochnische mit grossr\u00e4umigen K\u00fchlschrank ausgestattet. Alle verf\u00fcgen \u00fcber eine gro\u00dfe Terrasse um so einen fantastischen Aufenthalt genie\u00dfen zu k\u00f6nnen.[\/vc_column_text][vc_empty_space height=&#8220;40px&#8220;][\/qode_elements_holder_item][\/qode_elements_holder][\/vc_column][vc_column css=&#8220;.vc_custom_1583416000530{margin-top: -30px !important;margin-bottom: 30px !important;border-right-width: 1px !important;border-bottom-width: 0px !important;padding-top: 0px !important;padding-right: 48px !important;padding-bottom: 0px !important;padding-left: 48px !important;background-color: #ffffff !important;border-right-color: #ffffff !important;border-right-style: solid !important;border-bottom-color: #ffffff !important;border-bottom-style: solid !important;}&#8220; offset=&#8220;vc_col-lg-4 vc_col-md-4&#8243; el_class=&#8220;alto30em&#8220;][qode_elements_holder number_of_columns=&#8220;one_column&#8220;][qode_elements_holder_item vertical_alignment=&#8220;top&#8220; advanced_animations=&#8220;no&#8220; item_padding=&#8220;0 0 0 0&#8243; item_padding_600_768=&#8220;0 0 96px 0&#8243; item_padding_480_600=&#8220;0 0 96px 0&#8243; item_padding_480=&#8220;0 0 96px 0&#8243;][vc_single_image image=&#8220;139&#8243; img_size=&#8220;full&#8220; alignment=&#8220;center&#8220; qode_css_animation=&#8220;&#8220;][vc_empty_space height=&#8220;29px&#8220;][vc_column_text]<\/p>\n<h4>Es Cal\u00f3.<br \/>\nFormentera<\/h4>\n<p>[\/vc_column_text][vc_empty_space height=&#8220;22px&#8220;][vc_column_text]<strong>Es Cal\u00f3<\/strong> ist ein kleines Fischerdorf im Norden der K\u00fcste von Formentera, am Fu\u00dfe des Berges von La Mola gelegen. Der wichtigste Strand hei\u00dft <strong>Playa Es Cal\u00f3<\/strong> oder <strong>Ses Platgetes<\/strong>.[\/vc_column_text][vc_empty_space height=&#8220;40px&#8220;][\/qode_elements_holder_item][\/qode_elements_holder][\/vc_column][\/vc_row][vc_row css_animation=&#8220;&#8220; row_type=&#8220;row&#8220; use_row_as_full_screen_section=&#8220;no&#8220; type=&#8220;grid&#8220; angled_section=&#8220;no&#8220; text_align=&#8220;center&#8220; background_image_as_pattern=&#8220;without_pattern&#8220; el_class=&#8220;center&#8220; z_index=&#8220;&#8220; css=&#8220;.vc_custom_1583415847526{margin-top: 0px !important;border-top-width: 0px !important;padding-top: 0px !important;}&#8220;][vc_column css=&#8220;.vc_custom_1491835918638{padding-top: 55px !important;padding-bottom: 0px !important;background-color: #ffffff !important;}&#8220;]<a  itemprop=\"url\" href=\"https:\/\/cavalldellevant.com\/wp\/apartaments\/\" target=\"_self\"  class=\"qbutton  center default\" style=\"margin: 0 auto; \">weiterlesen<\/a>[vc_empty_space height=&#8220;31px&#8220;][\/vc_column][\/vc_row][vc_row css_animation=&#8220;&#8220; row_type=&#8220;row&#8220; use_row_as_full_screen_section=&#8220;no&#8220; type=&#8220;full_width&#8220; angled_section=&#8220;no&#8220; text_align=&#8220;left&#8220; background_image_as_pattern=&#8220;without_pattern&#8220;][vc_column][vc_empty_space height=&#8220;44px&#8220;][\/vc_column][\/vc_row][vc_row css_animation=&#8220;&#8220; row_type=&#8220;row&#8220; use_row_as_full_screen_section=&#8220;no&#8220; type=&#8220;full_width&#8220; angled_section=&#8220;no&#8220; text_align=&#8220;left&#8220; background_image_as_pattern=&#8220;without_pattern&#8220; css=&#8220;.vc_custom_1583258330274{background-color: #ffffff !important;}&#8220; z_index=&#8220;&#8220;][vc_column][vc_row_inner row_type=&#8220;row&#8220; type=&#8220;grid&#8220; text_align=&#8220;left&#8220; css_animation=&#8220;&#8220; css=&#8220;.vc_custom_1583258449247{margin-top: 30px !important;margin-bottom: 30px !important;padding-top: 30px !important;padding-bottom: 30px !important;}&#8220;][vc_column_inner width=&#8220;1\/2&#8243;][vc_column_text]<\/p>\n<h4>Appartments Cavall de Llevant<\/h4>\n<h4>Es Cal\u00f3, Formentera<br \/>\nIlles Balears<\/h4>\n<p>[\/vc_column_text][vc_empty_space height=&#8220;20px&#8220;][vc_gmaps link=&#8220;#E-8_JTNDaWZyYW1lJTIwc3JjJTNEJTIyaHR0cHMlM0ElMkYlMkZ3d3cuZ29vZ2xlLmNvbSUyRm1hcHMlMkZlbWJlZCUzRnBiJTNEJTIxNHYxNTgzMjU0MTQ5MTgxJTIxNm04JTIxMW03JTIxMXNxZ2ZORUJYZklKNEVkTW9MTmtSdDlBJTIxMm0yJTIxMWQzOC42NzY5MjQwMjUyMTE0MSUyMTJkMS41MTY4MTE2MTMzODYwMzIlMjEzZjE5Ni4yNCUyMTRmMCUyMTVmMC44MTYwODEzOTMyNjEyMjIzJTIyJTIwd2lkdGglM0QlMjI2MDAlMjIlMjBoZWlnaHQlM0QlMjI0NTAlMjIlMjBmcmFtZWJvcmRlciUzRCUyMjAlMjIlMjBzdHlsZSUzRCUyMmJvcmRlciUzQTAlM0IlMjIlMjBhbGxvd2Z1bGxzY3JlZW4lM0QlMjIlMjIlM0UlM0MlMkZpZnJhbWUlM0U=&#8220;][vc_empty_space height=&#8220;50px&#8220;][\/vc_column_inner][vc_column_inner width=&#8220;1\/2&#8243;][vc_empty_space height=&#8220;5px&#8220;]<div class=\"qode-comparative-features-table qode-cft-one-column\">\n\t<div class=\"qode-cft-header qode-cft-row\">\n\t\t<div class=\"qode-cft-title-holder\">\n\t\t\t<h6 class=\"qode-cft-title\">\n\t\t\tWohnungsservice\t\t<\/h6>\n\t<\/div>\n\t\t<div class=\"qode-cft-column-title-holder\">\n\t\t<h6 class=\"qode-cft-title\">\n\t\tVerf\u00fcgbarkeit\t<\/h6>\n<\/div>\n<\/div>\n\t<div class=\"qode-cft-feature qode-cft-row\">\n\t<p class=\"qode-cft-feature-title\">\n\tKlimaanlage\t<\/p>\n\t\t\t\t<div class=\"qode-cft-feature-value\">\n\t\t\t<p class=\"qode-cft-feature-item-title-responsive\">\n\t\t\tKlimaanlage\t\t\t<\/p>\n\t\t\t<span class=\"icon_check qode-cft-mark qode-cft-active\"><\/span>\t\t\t<\/div>\n\t\t\t\t<\/div>\n\t<div class=\"qode-cft-feature qode-cft-row\">\n\t<p class=\"qode-cft-feature-title\">\n\tkomplettem Bad\t<\/p>\n\t\t\t\t<div class=\"qode-cft-feature-value\">\n\t\t\t<p class=\"qode-cft-feature-item-title-responsive\">\n\t\t\tkomplettem Bad\t\t\t<\/p>\n\t\t\t<span class=\"icon_check qode-cft-mark qode-cft-active\"><\/span>\t\t\t<\/div>\n\t\t\t\t<\/div>\n\t<div class=\"qode-cft-feature qode-cft-row\">\n\t<p class=\"qode-cft-feature-title\">\n\tWaschmaschine\t<\/p>\n\t\t\t\t<div class=\"qode-cft-feature-value\">\n\t\t\t<p class=\"qode-cft-feature-item-title-responsive\">\n\t\t\tWaschmaschine\t\t\t<\/p>\n\t\t\t<span class=\"icon_check qode-cft-mark qode-cft-active\"><\/span>\t\t\t<\/div>\n\t\t\t\t<\/div>\n\t<div class=\"qode-cft-feature qode-cft-row\">\n\t<p class=\"qode-cft-feature-title\">\n\tSat-TV \t<\/p>\n\t\t\t\t<div class=\"qode-cft-feature-value\">\n\t\t\t<p class=\"qode-cft-feature-item-title-responsive\">\n\t\t\tSat-TV \t\t\t<\/p>\n\t\t\t<span class=\"icon_check qode-cft-mark qode-cft-active\"><\/span>\t\t\t<\/div>\n\t\t\t\t<\/div>\n\t<div class=\"qode-cft-feature qode-cft-row\">\n\t<p class=\"qode-cft-feature-title\">\n\tWifi\t<\/p>\n\t\t\t\t<div class=\"qode-cft-feature-value\">\n\t\t\t<p class=\"qode-cft-feature-item-title-responsive\">\n\t\t\tWifi\t\t\t<\/p>\n\t\t\t<span class=\"icon_check qode-cft-mark qode-cft-active\"><\/span>\t\t\t<\/div>\n\t\t\t\t<\/div>\n\t<div class=\"qode-cft-feature qode-cft-row\">\n\t<p class=\"qode-cft-feature-title\">\n\tKochnische\t<\/p>\n\t\t\t\t<div class=\"qode-cft-feature-value\">\n\t\t\t<p class=\"qode-cft-feature-item-title-responsive\">\n\t\t\tKochnische\t\t\t<\/p>\n\t\t\t<span class=\"icon_check qode-cft-mark qode-cft-active\"><\/span>\t\t\t<\/div>\n\t\t\t\t<\/div>\n\t<div class=\"qode-cft-feature qode-cft-row\">\n\t<p class=\"qode-cft-feature-title\">\n\tTerrasse\t<\/p>\n\t\t\t\t<div class=\"qode-cft-feature-value\">\n\t\t\t<p class=\"qode-cft-feature-item-title-responsive\">\n\t\t\tTerrasse\t\t\t<\/p>\n\t\t\t<span class=\"icon_check qode-cft-mark qode-cft-active\"><\/span>\t\t\t<\/div>\n\t\t\t\t<\/div>\n\t<div class=\"qode-cft-feature qode-cft-row\">\n\t<p class=\"qode-cft-feature-title\">\n\tFree parking\t<\/p>\n\t\t\t\t<div class=\"qode-cft-feature-value\">\n\t\t\t<p class=\"qode-cft-feature-item-title-responsive\">\n\t\t\tFree parking\t\t\t<\/p>\n\t\t\t<span class=\"icon_check qode-cft-mark qode-cft-active\"><\/span>\t\t\t<\/div>\n\t\t\t\t<\/div>\n<\/div>[vc_empty_space height=&#8220;50px&#8220;][\/vc_column_inner][\/vc_row_inner][\/vc_column][\/vc_row][vc_row css_animation=&#8220;&#8220; row_type=&#8220;row&#8220; use_row_as_full_screen_section=&#8220;no&#8220; type=&#8220;full_width&#8220; angled_section=&#8220;no&#8220; text_align=&#8220;center&#8220; background_image_as_pattern=&#8220;without_pattern&#8220; css=&#8220;.vc_custom_1583356643118{margin-bottom: 0px !important;border-bottom-width: 0px !important;padding-bottom: 0px !important;background-image: url(https:\/\/cavalldellevant.com\/wp\/wp-content\/uploads\/2020\/03\/Escalo-3.jpg?id=167) !important;}&#8220; z_index=&#8220;&#8220; el_id=&#8220;contact&#8220;][vc_column css=&#8220;.vc_custom_1491835335390{padding-top: 10.4% !important;padding-bottom: 9.6% !important;}&#8220;][vc_column_text]<\/p>\n<h2><span style=\"color: #ffffff;\">Reservierungen<\/span><\/h2>\n<p>[\/vc_column_text][\/vc_column][\/vc_row]<\/p>\n<\/section>","protected":false},"excerpt":{"rendered":"<p>[vc_row css_animation=&#8220;&#8220; row_type=&#8220;row&#8220; use_row_as_full_screen_section=&#8220;no&#8220; type=&#8220;grid&#8220; angled_section=&#8220;no&#8220; text_align=&#8220;left&#8220; background_image_as_pattern=&#8220;without_pattern&#8220; anchor=&#8220;home&#8220; css=&#8220;.vc_custom_1583250763914{padding-top: 158px !important;padding-bottom: 192px !important;background-image: url(https:\/\/cavalldellevant.com\/wp\/wp-content\/uploads\/2020\/03\/escalo-2.jpg?id=136) !important;}&#8220; z_index=&#8220;&#8220;][vc_column offset=&#8220;vc_col-lg-12 vc_col-md-12&#8243;][vc_empty_space height=&#8220;15px&#8220;][vc_column_text] Cavall de Llevant Appartments [\/vc_column_text][vc_empty_space height=&#8220;23px&#8220;][vc_column_text] Es Cal\u00f3. Formentera [\/vc_column_text][vc_empty_space height=&#8220;70px&#8220;][\/vc_column][\/vc_row][vc_row css_animation=&#8220;&#8220; row_type=&#8220;row&#8220; use_row_as_full_screen_section=&#8220;no&#8220; type=&#8220;grid&#8220; angled_section=&#8220;no&#8220; text_align=&#8220;left&#8220; background_image_as_pattern=&#8220;without_pattern&#8220;][vc_column css=&#8220;.vc_custom_1481616437392{margin-top: -94px !important;padding-top: 94px !important;padding-bottom: 0px !important;background-color:&#8230;<\/p>\n","protected":false},"author":1,"featured_media":0,"parent":0,"menu_order":0,"comment_status":"closed","ping_status":"closed","template":"full_width.php","meta":[],"_links":{"self":[{"href":"https:\/\/cavalldellevant.com\/de\/wp-json\/wp\/v2\/pages\/262"}],"collection":[{"href":"https:\/\/cavalldellevant.com\/de\/wp-json\/wp\/v2\/pages"}],"about":[{"href":"https:\/\/cavalldellevant.com\/de\/wp-json\/wp\/v2\/types\/page"}],"author":[{"embeddable":true,"href":"https:\/\/cavalldellevant.com\/de\/wp-json\/wp\/v2\/users\/1"}],"replies":[{"embeddable":true,"href":"https:\/\/cavalldellevant.com\/de\/wp-json\/wp\/v2\/comments?post=262"}],"version-history":[{"count":0,"href":"https:\/\/cavalldellevant.com\/de\/wp-json\/wp\/v2\/pages\/262\/revisions"}],"wp:attachment":[{"href":"https:\/\/cavalldellevant.com\/de\/wp-json\/wp\/v2\/media?parent=262"}],"curies":[{"name":"wp","href":"https:\/\/api.w.org\/{rel}","templated":true}]}}